{"id":108686,"date":"2018-09-09T20:59:15","date_gmt":"2018-09-09T18:59:15","guid":{"rendered":"http:\/\/gazdasagportal.hu\/?page_id=108686"},"modified":"2018-09-09T21:11:00","modified_gmt":"2018-09-09T19:11:00","slug":"nem-csak-a-csaladi-vallalkozasoknal-idozitett-bomba-az-utodlas-kerdese","status":"publish","type":"page","link":"https:\/\/gazdasagportal.hu\/index.php\/nem-csak-a-csaladi-vallalkozasoknal-idozitett-bomba-az-utodlas-kerdese\/","title":{"rendered":"Nem csak a csal\u00e1di v\u00e1llalkoz\u00e1sokn\u00e1l id\u0151z\u00edtett bomba az ut\u00f3dl\u00e1s k\u00e9rd\u00e9se"},"content":{"rendered":"<p><strong>A kisv\u00e1llalkoz\u00e1sok ugyan\u00fagy szembes\u00fclnek el\u0151bb-ut\u00f3bb az ut\u00f3dl\u00e1s probl\u00e9m\u00e1j\u00e1val, mint a klasszikus csal\u00e1di c\u00e9gek. A statisztik\u00e1k szerint t\u00edzb\u0151l csak egy \u00e9ri meg a m\u00e1sodik gener\u00e1ci\u00f3t. A hazai csal\u00e1di v\u00e1llalatok nagy r\u00e9sze a kilencvenes \u00e9vek elej\u00e9n j\u00f6tt l\u00e9tre, \u00e9s a fel\u00e9n\u00e9l vagy m\u00e1r most, vagy az elk\u00f6vetkezend\u0151 n\u00e9h\u00e1ny \u00e9vben lesz aktu\u00e1lis az elad\u00e1s \/ ut\u00f3dl\u00e1s k\u00e9rd\u00e9se.<\/strong><\/p>\n<p>&nbsp;<\/p>\n<p>A kisv\u00e1llalkoz\u00e1sok \u00e9s a csal\u00e1di v\u00e1llalkoz\u00e1sok a gazdas\u00e1gi \u00e9s politikai k\u00f6rnyezett\u0151l f\u00fcggetlen\u00fcl vil\u00e1gszerte ugyanazokkal a neh\u00e9zs\u00e9gekkel n\u00e9znek szembe. A csal\u00e1di \u00fczlet fennmarad\u00e1sa \u00e9rdek\u00e9ben nagyon fontos lenne a k\u00e9s\u0151bbi ut\u00f3dl\u00e1s tervez\u00e9se, m\u00e9gis a legt\u00f6bb els\u0151 gener\u00e1ci\u00f3s v\u00e1llalkoz\u00f3 \u00e9ppen ezt hagyja ki az \u201c\u00fczleti terv\u00e9b\u0151l\u201d. Nemcsak az ut\u00f3d (gyermek) hi\u00e1nya okozhat probl\u00e9m\u00e1t: vit\u00e1t sz\u00fclhet, ha t\u00f6bb ut\u00f3d is jelentkezne a poz\u00edci\u00f3ra, de az is el\u0151fordul, hogy a kiszemelt ut\u00f3d nem szeretn\u00e9 tov\u00e1bb vinni a csal\u00e1di mesters\u00e9get.<\/p><div id=\"gazda-2282897116\" class=\"gazda-tartalomban gazda-entity-placement\"><script async src=\"https:\/\/pagead2.googlesyndication.com\/pagead\/js\/adsbygoogle.js\"><\/script>\r\n<ins class=\"adsbygoogle\"\r\n     style=\"display:block\"\r\n     data-ad-format=\"fluid\"\r\n     data-ad-layout-key=\"-6t+ed+2i-1n-4w\"\r\n     data-ad-client=\"ca-pub-1959107119989764\"\r\n     data-ad-slot=\"4008251320\"><\/ins>\r\n<script>\r\n     (adsbygoogle = window.adsbygoogle || []).push({});\r\n<\/script><\/div>\n<p>&nbsp;<\/p>\n<p><strong>De vajon mi\u00e9rt ilyen neh\u00e9z bel\u00e1tni egy kisv\u00e1llalkoz\u00e1s tulajdonos\u00e1nak, hogy el\u0151bb-ut\u00f3bb \u00e1t kellene adni a staf\u00e9t\u00e1t?<\/strong><\/p>\n<p><strong>\u00a0<\/strong><\/p>\n<p><strong><a href=\"https:\/\/gazdasagportal.hu\/wp-content\/uploads\/2015\/11\/euroforint.jpg\"><img decoding=\"async\" loading=\"lazy\" class=\"alignleft size-medium wp-image-70331\" src=\"https:\/\/gazdasagportal.hu\/wp-content\/uploads\/2015\/11\/euroforint-300x168.jpg\" alt=\"\" width=\"300\" height=\"168\" srcset=\"https:\/\/gazdasagportal.hu\/wp-content\/uploads\/2015\/11\/euroforint-300x168.jpg 300w, https:\/\/gazdasagportal.hu\/wp-content\/uploads\/2015\/11\/euroforint-1024x576.jpg 1024w, https:\/\/gazdasagportal.hu\/wp-content\/uploads\/2015\/11\/euroforint.jpg 1280w\" sizes=\"(max-width: 300px) 100vw, 300px\" \/><\/a><\/strong>A legt\u00f6bb alap\u00edt\u00f3 sz\u00e1m\u00e1ra ijeszt\u0151 \u00e9s egyben elk\u00e9pzelhetetlen esem\u00e9ny a (nagyon) t\u00e1voli j\u00f6v\u0151ben, hogy esetleg ki engedni a kez\u00e9b\u0151l a d\u00f6nt\u00e9st a legcsek\u00e9lyebb m\u00e9rt\u00e9kben is. Pedig mindig elj\u00f6n az a nap egy c\u00e9g \u00e9let\u00e9ben, amikor a legt\u00f6bb amit tehet a v\u00e1llalkoz\u00e1s\u00e9rt hogy valaki m\u00e1snak adja \u00e1t a hely\u00e9t. Az is probl\u00e9ma, hogy egy csal\u00e1di kisv\u00e1llalkoz\u00e1s kev\u00e9s tud\u00e1ssal rendelkezik az ut\u00f3dl\u00e1s k\u00e9rd\u00e9s\u00e9ben, vagyis egyszer\u0171en nem tudj\u00e1k a lek\u00f6sz\u00f6n\u00e9st tervez\u0151 c\u00e9gvezet\u0151k, hogy mik\u00e9nt adj\u00e1k \u00e1t a korm\u00e1nyrudat.<\/p>\n<p>&nbsp;<\/p>\n<p>Magyarorsz\u00e1gon a c\u00e9gek mintegy 70%-a csal\u00e1di tulajdon\u00fa v\u00e1llalkoz\u00e1s, a GDP t\u00f6bb mint fel\u00e9t \u00e1ll\u00edtj\u00e1k el\u0151, \u00e9s a munkav\u00e1llal\u00f3k fel\u00e9nek biztos\u00edtanak munkahelyet. Emiatt az ut\u00f3dl\u00e1s sikeres lezajl\u00e1sa a nemzetgazdas\u00e1g sz\u00e1m\u00e1ra is fontos.<\/p>\n<p>&nbsp;<\/p>\n<blockquote>\n<h5><strong>\u201cK\u00f6nny\u0171\u201d annak, akinek a fia-l\u00e1nya \u00e9pp abban a korban van, \u00e9pp olyan a k\u00e9pzetts\u00e9ge, van tehets\u00e9ge \u00e9s sz\u00e1nd\u00e9ka tov\u00e1bb vinni a csal\u00e1di bizniszt. Annak az alap\u00edt\u00f3nak azonban aki nem szeretn\u00e9 \u201cbez\u00e1rni a boltot\u201d<\/strong><\/h5>\n<\/blockquote>\n<p>, \u00e9s nincs a fenti k\u00f6nny\u0171nek \u00edt\u00e9lhet\u0151 helyzetben, el\u0151bb-ut\u00f3bb meg kell fontolnia a c\u00e9g elad\u00e1s\u00e1t. Nagyon sokan m\u00e9g meghirdetni is f\u00e9lnek a csal\u00e1di kft-t, mert az ismer\u0151s\u00f6k, bar\u00e1tok spekul\u00e1lni kezdenek, a munkav\u00e1llal\u00f3k bep\u00e1nikolnak, nem tudj\u00e1k \u00e9rtelmezni a helyzetet. Magyarorsz\u00e1gon van egy rossz beidegz\u0151d\u00e9s, miszerint ha valaki eladja az \u00fczlet\u00e9t, akkor menek\u00fcl a s\u00fcllyed\u0151 haj\u00f3r\u00f3l, azaz valami (nagy-nagy) probl\u00e9ma biztosan van a h\u00e1tt\u00e9rben, k\u00fcl\u00f6nben mi\u00e9rt adn\u00e1 el? Pedig a munkav\u00e1llal\u00f3k nyerhetnek legt\u00f6bbet egy friss l\u00e1t\u00e1sm\u00f3ddal \u00e9s t\u0151k\u00e9vel \u00e9rkez\u0151 \u00faj tulajdonossal.<\/p>\n<p>&nbsp;<\/p>\n<blockquote>\n<h3><strong>\u201cAkkor \u00e9rdemes elad\u00e1sra hirdetni elad\u00f3 v\u00e1llalkoz\u00e1sunkat, amikor el\u0151sz\u00f6r megfordul a fej\u00fcnkben az \u00e9rt\u00e9kes\u00edt\u00e9s k\u00e9rd\u00e9se.\u201d\u00a0<\/strong><\/h3>\n<\/blockquote>\n<h3>&#8211; tan\u00e1csolja V\u00e1t\u00e1h S\u00e1ndor, az\u00a0<strong><a href=\"http:\/\/assisto.hu\/\" target=\"_blank\" rel=\"noopener noreferrer\">assisto.hu<\/a>\u00a0<\/strong>-t \u00fczemeltet\u0151 c\u00e9g \u00fcgyvezet\u0151je.<\/h3>\n<blockquote>\n<h5><strong>\u201cNem \u00e9rdemes sok\u00e1ig v\u00e1rni az elad\u00e1ssal, mert min\u00e9l t\u00f6bb id\u0151t hagyunk magunknak kiv\u00e1lasztani a megfelel\u0151 vev\u0151t, ann\u00e1l jobb d\u00f6nt\u00e9st hozhatunk. Ez term\u00e9szetesen nem jelenti azt, hogy a v\u00e1llalkoz\u00e1s elad\u00e1s\u00e1t ne el\u0151zze meg alapos el\u0151k\u00e9sz\u00edt\u00e9s, csak annyit, hogy ker\u00fclj\u00fck a felesleges t\u00e9tov\u00e1z\u00e1st. Tiszt\u00e1ban vagyunk azzal a t\u00e9nnyel, hogy egy kis csal\u00e1di v\u00e1llalkoz\u00e1sra az alap\u00edt\u00f3 nem mint vagyont\u00e1rgyra tekint, hanem mint \u00e9lete m\u0171v\u00e9re, ami\u00e9rt sok \u00e9vet \u00e1ldozott az \u00e9let\u00e9b\u0151l. Ez\u00e9rt sokszor nem is a v\u00e9tel\u00e1r a legfontosabb, el\u0151r\u00e9bb val\u00f3 hogy a c\u00e9g j\u00f6v\u0151j\u00e9t l\u00e1ssa a vev\u0151ben a tulajdonos. Gondoljuk azonban \u00e1t, hogy tal\u00e1n a c\u00e9g is er\u0151teljesebb n\u00f6veked\u00e9si p\u00e1ly\u00e1ra \u00e1llhat egy \u00faj szeml\u00e9lettel \u00e9rkez\u0151 \u00fcgyvezet\u0151 hat\u00e1s\u00e1ra. Ha pedig semmik\u00e9pp sem szeretn\u00e9nk valamilyen okn\u00e1l fogva teljesen elengedni a c\u00e9get, akkor m\u00e9g mindig ott van a r\u00e9sztulajdon \u00e9rt\u00e9kes\u00edt\u00e9s\u00e9nek lehet\u0151s\u00e9ge. \u00cdgy k\u00e9t legyet \u00fcthet\u00fcnk egy csap\u00e1sra: t\u00e1rstulajdonosk\u00e9nt nyer\u00fcnk egy loj\u00e1lis, elk\u00f6telezett vezet\u0151t, \u00e9s csendest\u00e1rsk\u00e9nt visszavonulva m\u00e9g mindig r\u00e1l\u00e1thatunk a c\u00e9g m\u0171k\u00f6d\u00e9s\u00e9re, s\u0151t, tan\u00e1csokkal egyengethetj\u00fck az \u00fatj\u00e1t.\u201d<\/strong><\/h5>\n<\/blockquote>\n","protected":false},"excerpt":{"rendered":"<p>A kisv\u00e1llalkoz\u00e1sok ugyan\u00fagy szembes\u00fclnek el\u0151bb-ut\u00f3bb az ut\u00f3dl\u00e1s probl\u00e9m\u00e1j\u00e1val, mint a klasszikus csal\u00e1di c\u00e9gek. A statisztik\u00e1k szerint t\u00edzb\u0151l csak egy \u00e9ri meg a m\u00e1sodik gener\u00e1ci\u00f3t. A hazai csal\u00e1di v\u00e1llalatok nagy r\u00e9sze a kilencvenes \u00e9vek elej\u00e9n j\u00f6tt l\u00e9tre, \u00e9s a fel\u00e9n\u00e9l vagy m\u00e1r most, vagy az elk\u00f6vetkezend\u0151 n\u00e9h\u00e1ny \u00e9vben lesz aktu\u00e1lis az elad\u00e1s \/ ut\u00f3dl\u00e1s k\u00e9rd\u00e9se. &nbsp; &#8230;<\/p>\n","protected":false},"author":1,"featured_media":70331,"parent":0,"menu_order":0,"comment_status":"closed","ping_status":"closed","template":"","meta":[],"_links":{"self":[{"href":"https:\/\/gazdasagportal.hu\/index.php\/wp-json\/wp\/v2\/pages\/108686"}],"collection":[{"href":"https:\/\/gazdasagportal.hu\/index.php\/wp-json\/wp\/v2\/pages"}],"about":[{"href":"https:\/\/gazdasagportal.hu\/index.php\/wp-json\/wp\/v2\/types\/page"}],"author":[{"embeddable":true,"href":"https:\/\/gazdasagportal.hu\/index.php\/wp-json\/wp\/v2\/users\/1"}],"replies":[{"embeddable":true,"href":"https:\/\/gazdasagportal.hu\/index.php\/wp-json\/wp\/v2\/comments?post=108686"}],"version-history":[{"count":8,"href":"https:\/\/gazdasagportal.hu\/index.php\/wp-json\/wp\/v2\/pages\/108686\/revisions"}],"predecessor-version":[{"id":108694,"href":"https:\/\/gazdasagportal.hu\/index.php\/wp-json\/wp\/v2\/pages\/108686\/revisions\/108694"}],"wp:featuredmedia":[{"embeddable":true,"href":"https:\/\/gazdasagportal.hu\/index.php\/wp-json\/wp\/v2\/media\/70331"}],"wp:attachment":[{"href":"https:\/\/gazdasagportal.hu\/index.php\/wp-json\/wp\/v2\/media?parent=108686"}],"curies":[{"name":"wp","href":"https:\/\/api.w.org\/{rel}","templated":true}]}}